{"id":237,"date":"2024-12-23T10:07:24","date_gmt":"2024-12-23T10:07:24","guid":{"rendered":"https:\/\/tuptamtu.wieszjak.org\/?page_id=237"},"modified":"2025-05-29T21:46:07","modified_gmt":"2025-05-29T21:46:07","slug":"szczeciniokolice","status":"publish","type":"page","link":"https:\/\/tuptamtu.wieszjak.org\/index.php\/szczeciniokolice\/","title":{"rendered":"Szczecin i okolice"},"content":{"rendered":"<p>[et_pb_section fb_built=&#8221;1&#8243; admin_label=&#8221;Hero&#8221; _builder_version=&#8221;4.27.4&#8243; _module_preset=&#8221;default&#8221; use_background_color_gradient=&#8221;on&#8221; background_color_gradient_direction=&#8221;282deg&#8221; background_color_gradient_stops=&#8221;rgba(255, 255, 255, 0) 2%|rgba(255,255,255,0) 8%|rgba(255,255,255,0) 88%|#ffffff 100%&#8221; background_color_gradient_overlays_image=&#8221;on&#8221; background_image=&#8221;https:\/\/tuptamtu.wieszjak.org\/wp-content\/uploads\/2024\/12\/Tlo-glowne-Wrzosowiskozachod-slonca_-FullHD.jpg&#8221; parallax=&#8221;on&#8221; background_blend=&#8221;screen&#8221; custom_padding=&#8221;||8vw||false|false&#8221; background_last_edited=&#8221;on|desktop&#8221; use_background_color_gradient_tablet=&#8221;on&#8221; background_color_gradient_direction_tablet=&#8221;253deg&#8221; background_color_gradient_stops_tablet=&#8221;rgba(255, 255, 255, 0) 0%|rgba(255,255,255,0) 6%|rgba(255,255,255,0) 85%|#ffffff 100%&#8221; background_image_tablet=&#8221;https:\/\/tuptamtu.wieszjak.org\/wp-content\/uploads\/2024\/12\/Tlo-glowne-Wrzosowiskozachod-slonca_-FullHD.jpg&#8221; background_enable_image_tablet=&#8221;on&#8221; saved_tabs=&#8221;all&#8221; locked=&#8221;off&#8221; collapsed=&#8221;on&#8221; global_colors_info=&#8221;{%22#7323C7%22:%91%22background_color_gradient_stops%22%93}&#8221;][et_pb_row column_structure=&#8221;1_3,1_3,1_3&#8243; _builder_version=&#8221;4.27.4&#8243; _module_preset=&#8221;5138c454-be54-4233-bd3b-f8e6a8747976&#8243; position_origin_r=&#8221;top_right&#8221; module_alignment=&#8221;right&#8221; custom_margin=&#8221;|auto||1463px||&#8221; custom_padding=&#8221;0px|||||&#8221; global_colors_info=&#8221;{}&#8221;][et_pb_column type=&#8221;1_3&#8243; _builder_version=&#8221;4.16.0&#8243; _module_preset=&#8221;73121f80-a3ef-4484-8763-c3f18e3c56d2&#8243; global_colors_info=&#8221;{}&#8221;][\/et_pb_column][et_pb_column type=&#8221;1_3&#8243; _builder_version=&#8221;4.27.4&#8243; _module_preset=&#8221;73121f80-a3ef-4484-8763-c3f18e3c56d2&#8243; background_color=&#8221;RGBA(255,255,255,0)&#8221; use_background_color_gradient=&#8221;on&#8221; background_color_gradient_type=&#8221;circular&#8221; background_color_gradient_stops=&#8221;#ffffff 0%|rgba(255,255,255,0) 67%&#8221; global_colors_info=&#8221;{}&#8221;][\/et_pb_column][et_pb_column type=&#8221;1_3&#8243; _builder_version=&#8221;4.27.4&#8243; _module_preset=&#8221;73121f80-a3ef-4484-8763-c3f18e3c56d2&#8243; background_color=&#8221;RGBA(255,255,255,0)&#8221; global_colors_info=&#8221;{}&#8221;][et_pb_image src=&#8221;https:\/\/tuptamtu.wieszjak.org\/wp-content\/uploads\/2024\/12\/Untitled-3-1-2-300&#215;257.png&#8221; title_text=&#8221;Untitled-3 (1) (2)&#8221; align=&#8221;center&#8221; _builder_version=&#8221;4.27.4&#8243; _module_preset=&#8221;default&#8221; background_color=&#8221;rgba(255,255,255,0)&#8221; use_background_color_gradient=&#8221;on&#8221; background_color_gradient_type=&#8221;circular&#8221; background_color_gradient_stops=&#8221;#ffffff 0%|rgba(255,255,255,0) 65%&#8221; background_last_edited=&#8221;on|desktop&#8221; use_background_color_gradient_tablet=&#8221;on&#8221; use_background_color_gradient_phone=&#8221;on&#8221; background_color_gradient_stops_tablet=&#8221;#ffffff 0%|rgba(255,255,255,0) 40%&#8221; background_color_gradient_stops_phone=&#8221;#ffffff 0%|rgba(255,255,255,0) 69%&#8221; border_radii=&#8221;on|26px|26px|26px|26px&#8221; global_colors_info=&#8221;{}&#8221;][\/et_pb_image][\/et_pb_column][\/et_pb_row][\/et_pb_section][et_pb_section fb_built=&#8221;1&#8243; custom_padding_last_edited=&#8221;on|phone&#8221; admin_label=&#8221;About&#8221; _builder_version=&#8221;4.27.4&#8243; _module_preset=&#8221;default&#8221; background_color=&#8221;RGBA(255,255,255,0)&#8221; custom_padding=&#8221;5%||||false|false&#8221; custom_padding_tablet=&#8221;9%||||false|false&#8221; custom_padding_phone=&#8221;12%||||false|false&#8221; collapsed=&#8221;off&#8221; global_colors_info=&#8221;{}&#8221;][et_pb_row custom_padding_last_edited=&#8221;on|desktop&#8221; _builder_version=&#8221;4.27.4&#8243; _module_preset=&#8221;048d8e79-b07f-439b-bd57-f41c14f0a56b&#8221; background_color=&#8221;#FFFFFF&#8221; width_tablet=&#8221;88%&#8221; width_phone=&#8221;90%&#8221; width_last_edited=&#8221;on|phone&#8221; max_width=&#8221;2560px&#8221; module_alignment=&#8221;center&#8221; custom_margin=&#8221;||2%||false|false&#8221; custom_padding=&#8221;|30px||30px|false|true&#8221; custom_padding_tablet=&#8221;|30px||30px|false|true&#8221; custom_padding_phone=&#8221;|20px||20px|false|true&#8221; border_radii=&#8221;on|6px|6px|6px|6px&#8221; border_width_all=&#8221;1px&#8221; border_color_all=&#8221;#ffe433&#8243; box_shadow_style=&#8221;preset3&#8243; box_shadow_color=&#8221;rgba(0,0,0,0.8)&#8221; global_colors_info=&#8221;{}&#8221;][et_pb_column type=&#8221;4_4&#8243; _builder_version=&#8221;4.25.1&#8243; _module_preset=&#8221;default&#8221; global_colors_info=&#8221;{}&#8221;][et_pb_heading title=&#8221; WYCIECZKI PO SZCZECINIE I POMORZU ZACHODNIM.&#8221; _builder_version=&#8221;4.27.4&#8243; _module_preset=&#8221;c33f07d9-41e0-421a-8799-5799df695cce&#8221; title_level=&#8221;h2&#8243; title_font=&#8221;Mountains of Christmas|700|||||||&#8221; title_text_align=&#8221;center&#8221; title_text_color=&#8221;#952fde&#8221; title_font_size=&#8221;5em&#8221; title_line_height=&#8221;1.2em&#8221; custom_margin=&#8221;||15px||false|false&#8221; custom_padding=&#8221;1%||0%||false|false&#8221; title_font_size_tablet=&#8221;5em&#8221; title_font_size_phone=&#8221;4em&#8221; title_font_size_last_edited=&#8221;on|phone&#8221; global_colors_info=&#8221;{}&#8221;][\/et_pb_heading][et_pb_heading title=&#8221;Z pasj\u0105, dla ka\u017cdego pokolenia!&#8221; _builder_version=&#8221;4.27.4&#8243; _module_preset=&#8221;c33f07d9-41e0-421a-8799-5799df695cce&#8221; title_level=&#8221;h2&#8243; title_font=&#8221;Mountains of Christmas|&#8211;et_global_heading_font_weight|||||||&#8221; title_text_align=&#8221;center&#8221; title_text_color=&#8221;#952fde&#8221; title_font_size=&#8221;3em&#8221; title_line_height=&#8221;1.2em&#8221; custom_margin=&#8221;||||false|false&#8221; custom_padding=&#8221;0%||0%||true|false&#8221; title_font_size_tablet=&#8221;5em&#8221; title_font_size_phone=&#8221;4em&#8221; title_font_size_last_edited=&#8221;on|phone&#8221; global_colors_info=&#8221;{}&#8221;][\/et_pb_heading][et_pb_text quote_border_color=&#8221;#76E0D3&#8243; _builder_version=&#8221;4.27.4&#8243; _module_preset=&#8221;2c55a9c4-feed-423b-9edb-ae0b5b365cac&#8221; text_font=&#8221;Poppins|Poppins_weight|||||||&#8221; text_text_color=&#8221;#000000&#8243; text_font_size=&#8221;16px&#8221; text_line_height=&#8221;1.75em&#8221; link_font=&#8221;|Poppins_weight|||||||&#8221; link_text_color=&#8221;#7323C7&#8243; quote_font=&#8221;Abril Fatface|Abril Fatface_weight|||||||&#8221; quote_text_color=&#8221;#111111&#8243; header_font=&#8221;Abril Fatface|Abril Fatface_weight|||||||&#8221; header_text_color=&#8221;#111111&#8243; header_font_size=&#8221;72px&#8221; header_line_height=&#8221;1.15em&#8221; header_2_font=&#8221;Abril Fatface|Abril Fatface_weight|||||||&#8221; header_2_text_color=&#8221;#111111&#8243; header_2_font_size=&#8221;50px&#8221; header_2_line_height=&#8221;1.2em&#8221; header_3_font=&#8221;Abril Fatface|Abril Fatface_weight|||||||&#8221; header_3_text_color=&#8221;#111111&#8243; header_3_font_size=&#8221;32px&#8221; header_3_line_height=&#8221;1.3em&#8221; header_4_font=&#8221;Abril Fatface|Abril Fatface_weight|||||||&#8221; header_4_text_color=&#8221;#111111&#8243; header_4_font_size=&#8221;24px&#8221; header_4_line_height=&#8221;1.4em&#8221; header_5_font=&#8221;Abril Fatface|Abril Fatface_weight|||||||&#8221; header_5_text_color=&#8221;#111111&#8243; header_5_font_size=&#8221;18px&#8221; header_5_line_height=&#8221;1.4em&#8221; header_6_font=&#8221;Abril Fatface|Abril Fatface_weight|||||||&#8221; header_6_text_color=&#8221;#111111&#8243; header_6_line_height=&#8221;1.5em&#8221; custom_margin=&#8221;||||false|false&#8221; text_font_size_tablet=&#8221;15px&#8221; text_font_size_phone=&#8221;14px&#8221; text_font_size_last_edited=&#8221;on|phone&#8221; header_font_size_tablet=&#8221;40px&#8221; header_font_size_phone=&#8221;24px&#8221; header_font_size_last_edited=&#8221;on|desktop&#8221; header_2_font_size_tablet=&#8221;28px&#8221; header_2_font_size_phone=&#8221;20px&#8221; header_2_font_size_last_edited=&#8221;on|phone&#8221; header_3_font_size_tablet=&#8221;22px&#8221; header_3_font_size_phone=&#8221;17px&#8221; header_3_font_size_last_edited=&#8221;on|phone&#8221; header_4_font_size_tablet=&#8221;18px&#8221; header_4_font_size_phone=&#8221;15px&#8221; header_4_font_size_last_edited=&#8221;on|tablet&#8221; header_5_font_size_tablet=&#8221;15px&#8221; header_5_font_size_phone=&#8221;14px&#8221; header_5_font_size_last_edited=&#8221;on|desktop&#8221; header_6_font_size_tablet=&#8221;13px&#8221; header_6_font_size_phone=&#8221;13px&#8221; header_6_font_size_last_edited=&#8221;on|desktop&#8221; global_colors_info=&#8221;{}&#8221;]<\/p>\n<p><span style=\"font-weight: 400;\">Szczecin to miasto pe\u0142ne opowie\u015bci \u2013 wodnych szlak\u00f3w, zielonych przestrzeni, zabytk\u00f3w i tajemnic czekaj\u0105cych na odkrycie. Tworzymy <\/span><b>wycieczki z dusz\u0105<\/b><span style=\"font-weight: 400;\">, zaprojektowane z my\u015bl\u0105 o r\u00f3\u017cnych grupach \u2013 od najm\u0142odszych po najstarszych. <\/span><\/p>\n<p><span style=\"font-weight: 400;\">Nasza specjalno\u015b\u0107 to <\/span><b>organizacja wycieczek grupowych<\/b><span style=\"font-weight: 400;\"> dla:<\/span><\/p>\n<ul>\n<li><b>szk\u00f3\u0142 i przedszkoli<\/b><span style=\"font-weight: 400;\">,<\/span><\/li>\n<li><b>klub\u00f3w seniora i uniwersytet\u00f3w trzeciego wieku<\/b><span style=\"font-weight: 400;\">,<\/span><\/li>\n<li><b>stowarzysze\u0144, \u015bwietlic, k\u00f3\u0142 zainteresowa\u0144, firm<\/b><span style=\"font-weight: 400;\"> oraz <\/span><b>klient\u00f3w indywidualnych,<\/b><\/li>\n<li><b>firm i wydarze\u0144 integracyjnych.<\/b><\/li>\n<\/ul>\n<p><span style=\"font-weight: 400;\">Rozumiemy potrzeby naszych uczestnik\u00f3w i dlatego ka\u017cda wycieczka to nie tylko spacer \u2013 to <\/span><b>przygoda dopasowana do odbiorcy.<\/b><\/p>\n<p><span style=\"font-weight: 400;\">Warto te\u017c wspomnie\u0107 o naszej <\/span><b>specjalnej inspirowanej wod\u0105 trasie<\/b><span style=\"font-weight: 400;\">, kt\u00f3ra pokazuje Szczecin od strony, kt\u00f3rej wielu nie zna. Od Odry, przez bulwary i mariny, a\u017c po jeziora i \u015blady dawnych stoczni \u2013 to wycieczka, kt\u00f3r\u0105 zapami\u0119tacie na d\u0142ugo.<\/span><\/p>\n<p><span style=\"font-weight: 400;\">&#x1f4de; Skontaktuj si\u0119 z nami \u2013 stworzymy program dopasowany do Twojej grupy. Bo najlepsza wycieczka to ta, w kt\u00f3rej ka\u017cdy czuje si\u0119 jak bohater w\u0142asnej opowie\u015bci.<\/span><\/p>\n<ul><\/ul>\n<p>[\/et_pb_text][et_pb_accordion open_toggle_text_color=&#8221;#8300E9&#8243; toggle_icon=&#8221;&#xf6e8;||fa||900&#8243; icon_color=&#8221;#8300E9&#8243; _builder_version=&#8221;4.27.4&#8243; _module_preset=&#8221;default&#8221; toggle_text_color=&#8221;#8300E9&#8243; toggle_level=&#8221;h3&#8243; toggle_font=&#8221;Lato||||||||&#8221; background_color=&#8221;RGBA(255,255,255,0)&#8221; hover_enabled=&#8221;0&#8243; custom_css_free_form=&#8221;.et_pb_toggle {||  margin-bottom: 16px;||  padding: 16px 20px;||  background-color: inherit; \/* Dziedziczy t\u0142o z rodzica *\/||}||||.et_pb_toggle.et_pb_toggle_open {||  background-color: inherit; \/* Dziedziczy t\u0142o r\u00f3wnie\u017c po rozwini\u0119ciu *\/||}&#8221; box_shadow_style=&#8221;preset3&#8243; box_shadow_color=&#8221;rgba(0,0,0,0.8)&#8221; global_colors_info=&#8221;{}&#8221; theme_builder_area=&#8221;post_content&#8221; sticky_enabled=&#8221;0&#8243;][et_pb_accordion_item title=&#8221;Oferta dla firm &#8211; Szczecin i okolice z klas\u0105 i przygod\u0105.&#8221; open=&#8221;off&#8221; _builder_version=&#8221;4.27.4&#8243; _module_preset=&#8221;default&#8221; hover_enabled=&#8221;0&#8243; global_colors_info=&#8221;{}&#8221; theme_builder_area=&#8221;post_content&#8221; sticky_enabled=&#8221;0&#8243;]<\/p>\n<p><span style=\"font-weight: 400;\">Szukasz pomys\u0142u na <\/span><b>nietuzinkow\u0105 integracj\u0119<\/b><span style=\"font-weight: 400;\"> dla zespo\u0142u? Chcesz, by pracownicy poczuli si\u0119 docenieni, a jednocze\u015bnie zyskali now\u0105 energi\u0119 i lepsze relacje? Oferujemy pe\u0142en wachlarz <\/span><b>wycieczek i wydarze\u0144 firmowych<\/b><span style=\"font-weight: 400;\">, kt\u00f3re \u0142\u0105cz\u0105 przygod\u0119 z odpoczynkiem \u2013 zawsze z przymru\u017ceniem oka i klas\u0105:<\/span><\/p>\n<ul>\n<li><i><span style=\"font-weight: 400;\">&#8222;Szczecin od Wody&#8221;<\/span><\/i><span style=\"font-weight: 400;\"> \u2013 rejsy, zwiedzanie nabrze\u017cy, historia portu, odwiedziny w Fabryce Wody i w Morskim Centrum Nauki.<\/span><\/li>\n<li><i><span style=\"font-weight: 400;\">Le\u015bne misje integracyjne<\/span><\/i><span style=\"font-weight: 400;\"> \u2013 gry terenowe, zadania zespo\u0142owe, survival light, ognisko z klimatem.<\/span><\/li>\n<li><i><span style=\"font-weight: 400;\">Zwiedzanie z fabu\u0142\u0105<\/span><\/i><span style=\"font-weight: 400;\"> \u2013 wycieczki tematyczne z aktorami, przewodnikiem w roli kapitana, szpiega, a nawet ducha historii.<\/span><\/li>\n<li><i><span style=\"font-weight: 400;\">Gry miejskie<\/span><\/i><span style=\"font-weight: 400;\"> \u2013 rywalizacja, \u0142amig\u0142\u00f3wki i odkrywanie Szczecina w stylu escape roomu pod chmurk\u0105.<\/span><\/li>\n<li><span style=\"font-weight: 400;\">\u00a0<\/span><i><span style=\"font-weight: 400;\">Zako\u0144czenie z klas\u0105<\/span><\/i><span style=\"font-weight: 400;\"> \u2013 ognisko, piknik, kolacja na statku lub w lokalnej restauracji z dusz\u0105.<\/span><\/li>\n<\/ul>\n<p><span style=\"font-weight: 400;\">Dla ka\u017cdej firmy przygotowujemy <\/span><b>indywidualny scenariusz<\/b><span style=\"font-weight: 400;\">, dostosowany do profilu zespo\u0142u, liczby uczestnik\u00f3w i celu wydarzenia (integracja, nagroda, onboarding, itp.).<\/span><\/p>\n<p>[\/et_pb_accordion_item][et_pb_accordion_item title=&#8221; VIP oferta dla kontrahent\u00f3w i partner\u00f3w biznesowych.&#8221; _builder_version=&#8221;4.27.4&#8243; _module_preset=&#8221;default&#8221; hover_enabled=&#8221;0&#8243; global_colors_info=&#8221;{}&#8221; theme_builder_area=&#8221;post_content&#8221; open=&#8221;off&#8221; sticky_enabled=&#8221;0&#8243;]<\/p>\n<p><b>Ekskluzywne do\u015bwiadczenia w Szczecinie \u2013 elegancja, smak i styl.<\/b><\/p>\n<p><span style=\"font-weight: 400;\">Dla Twoich kluczowych go\u015bci tworzymy wydarzenia na najwy\u017cszym poziomie. \u0141\u0105czymy presti\u017cowe lokalizacje, starannie dobrane atrakcje i subteln\u0105 prezentacj\u0119 miasta. Efekt? Do\u015bwiadczenie, kt\u00f3re zostaje w pami\u0119ci i buduje Twoj\u0105 mark\u0119.<\/span><\/p>\n<p><b><\/b><\/p>\n<p><b>Szczecin z perspektywy VIP:<\/b><\/p>\n<ul>\n<li style=\"font-weight: 400;\" aria-level=\"1\"><span style=\"font-weight: 400;\">Prywatne zwiedzanie z concierge-przewodnikiem.<\/span><\/li>\n<li style=\"font-weight: 400;\" aria-level=\"1\"><span style=\"font-weight: 400;\">Ekskluzywny rejs z cateringiem i muzyk\u0105.<\/span><\/li>\n<li style=\"font-weight: 400;\" aria-level=\"1\"><span style=\"font-weight: 400;\">Spotkania w zabytkowych willach, fortach i przestrzeniach zamkni\u0119tych dla zwyk\u0142ych turyst\u00f3w.<\/span><\/li>\n<\/ul>\n<h3><b><\/b><\/h3>\n<p><b>Degustacje i wieczory z klas\u0105:<\/b><\/p>\n<ul>\n<li style=\"font-weight: 400;\" aria-level=\"1\"><span style=\"font-weight: 400;\">Kolacje degustacyjne z sommelierem (lokalne w\u00f3dki, rzemie\u015blnicze giny i regionalne wina).<\/span><\/li>\n<li style=\"font-weight: 400;\" aria-level=\"1\"><span style=\"font-weight: 400;\">Wizyta w winnicy z pokazem, lunchem i relaksem w\u015br\u00f3d winoro\u015bli.<\/span><\/li>\n<li style=\"font-weight: 400;\" aria-level=\"1\"><span style=\"font-weight: 400;\">Pokazy cigar &amp; whisky pairing.<\/span><\/li>\n<\/ul>\n<p><b><\/b><\/p>\n<p><b>Nocleg w luksusowym pa\u0142acu pod Szczecinem:<\/b><\/p>\n<p><span style=\"font-weight: 400;\">Na \u017cyczenie oferujemy <\/span><b>ekskluzywny pobyt w stylowej rezydencji<\/b><span style=\"font-weight: 400;\"> \u2013 tylko dla Twojej grupy.<\/span><span style=\"font-weight: 400;\"><br \/><\/span><span style=\"font-weight: 400;\"> To wi\u0119cej ni\u017c hotel \u2013 to wyj\u0105tkowa atmosfera XIX-wiecznego pa\u0142acu, odrestaurowanego z dba\u0142o\u015bci\u0105 o ka\u017cdy detal, z prywatnym parkiem, ogrodem i spa.<\/span><\/p>\n<ul>\n<li><span style=\"font-weight: 400;\">Mo\u017cliwo\u015b\u0107 rezerwacji ca\u0142ego obiektu tylko dla go\u015bci VIP.<\/span><\/li>\n<li><span style=\"font-weight: 400;\">Komfortowe apartamenty, wystr\u00f3j klasyczny i nowoczesny luksus w jednym.<\/span><\/li>\n<li><span style=\"font-weight: 400;\">Wiecz\u00f3r przy kominku z winem i kolacj\u0105 stworzon\u0105 przez szefa kuchni.<\/span><\/li>\n<\/ul>\n<p><span style=\"font-weight: 400;\">To idealna przestrze\u0144 na zako\u0144czenie dnia w eleganckiej, kameralnej atmosferze \u2013 z klas\u0105 i bez po\u015bpiechu.<\/span><\/p>\n<p>[\/et_pb_accordion_item][et_pb_accordion_item title=&#8221;Oferta dla dzieci.&#8221; _builder_version=&#8221;4.27.4&#8243; _module_preset=&#8221;default&#8221; hover_enabled=&#8221;0&#8243; global_colors_info=&#8221;{}&#8221; theme_builder_area=&#8221;post_content&#8221; open=&#8221;off&#8221; sticky_enabled=&#8221;0&#8243;]<\/p>\n<p><b>Zabawa, nauka i przygoda \u2013 czyli edukacja, kt\u00f3ra zostaje w sercu<\/b><\/p>\n<p><span style=\"font-weight: 400;\">Dzieci to mali odkrywcy, kt\u00f3rzy ucz\u0105 si\u0119 przez ruch, emocje i wyobra\u017ani\u0119. Nasze wycieczki i zaj\u0119cia terenowe tworzymy tak, by w naturalny spos\u00f3b wspiera\u0142y rozw\u00f3j dziecka, budowa\u0142y wi\u0119zi w grupie i zostawia\u0142y pi\u0119kne wspomnienia.<\/span><\/p>\n<p><b>Co oferujemy najm\u0142odszym?<\/b><\/p>\n<ul>\n<li style=\"font-weight: 400;\" aria-level=\"1\"><b>Autorskie gry terenowe<\/b><span style=\"font-weight: 400;\"> \u2013 wci\u0105gaj\u0105ce, bezpieczne przygody z map\u0105, zagadkami i ma\u0142ymi nagrodami.<\/span><span style=\"font-weight: 400;\"><\/span><\/li>\n<li style=\"font-weight: 400;\" aria-level=\"1\"><b>Zabawy z orientacj\u0105<\/b><span style=\"font-weight: 400;\"> \u2013 uczymy dzieci korzysta\u0107 z mapy, odnajdywa\u0107 kierunki i obserwowa\u0107 otoczenie.<\/span><span style=\"font-weight: 400;\"><\/span><\/li>\n<li style=\"font-weight: 400;\" aria-level=\"1\"><b>Wycieczki tematyczne z narracj\u0105<\/b><span style=\"font-weight: 400;\"> \u2013 przewodnik wciela si\u0119 w bohatera opowie\u015bci (np. ducha miasta, korsarza, skrzata le\u015bnego), wci\u0105gaj\u0105c dzieci w histori\u0119 miejsca.<\/span><span style=\"font-weight: 400;\"><\/span><\/li>\n<li style=\"font-weight: 400;\" aria-level=\"1\"><b>Warsztaty kreatywne<\/b><span style=\"font-weight: 400;\"> \u2013 tworzenie, rysowanie, budowanie, malowanie z wykorzystaniem naturalnych materia\u0142\u00f3w.<\/span><span style=\"font-weight: 400;\"><\/span><\/li>\n<\/ul>\n<p><b>Le\u015bne zaj\u0119cia przyrodnicze:<\/b><\/p>\n<ul>\n<li style=\"font-weight: 400;\" aria-level=\"1\"><b>Zaj\u0119cia sensoryczne<\/b><span style=\"font-weight: 400;\"> \u2013 las poznawany wszystkimi zmys\u0142ami: wzrokiem, dotykiem, s\u0142uchem i ruchem.<\/span><span style=\"font-weight: 400;\"><\/span><\/li>\n<li style=\"font-weight: 400;\" aria-level=\"1\"><b>Rozpoznawanie ro\u015blin i \u015blad\u00f3w zwierz\u0105t<\/b><span style=\"font-weight: 400;\"> \u2013 prawdziwa mikrowyprawa w \u015bwiat natury.<\/span><span style=\"font-weight: 400;\"><\/span><\/li>\n<\/ul>\n<p><b>Podstawy bushcraftu<\/b><span style=\"font-weight: 400;\"> \u2013 budowanie prostych sza\u0142as\u00f3w, rozpalanie ogniska, zabawy inspirowane przetrwaniem i ekologi\u0105.<\/span><span style=\"font-weight: 400;\"><br \/><\/span><\/p>\n<p>[\/et_pb_accordion_item][et_pb_accordion_item title=&#8221;Oferta dla m\u0142odzie\u017cy.&#8221; _builder_version=&#8221;4.27.4&#8243; _module_preset=&#8221;default&#8221; hover_enabled=&#8221;0&#8243; global_colors_info=&#8221;{}&#8221; theme_builder_area=&#8221;post_content&#8221; open=&#8221;off&#8221; sticky_enabled=&#8221;0&#8243;]<\/p>\n<p><b>Styl, zaanga\u017cowanie i edukacja z charakterem<\/b><\/p>\n<p><span style=\"font-weight: 400;\">M\u0142odzie\u017c szuka tre\u015bci, kt\u00f3re s\u0105 atrakcyjne wizualnie, autentyczne i dynamiczne. Dlatego nasze wycieczki to wi\u0119cej ni\u017c zwiedzanie \u2013 to przestrze\u0144 do wyra\u017cania siebie, dzia\u0142ania i emocjonalnego kontaktu z miejscem.<\/span><\/p>\n<p><b>Jak to robimy?<\/b><\/p>\n<ul>\n<li style=\"font-weight: 400;\" aria-level=\"1\"><b>Trasy z fotogenicznymi punktami<\/b><span style=\"font-weight: 400;\"> \u2013 miejsca \u201einstagramowe\u201d, ciekawe pod k\u0105tem zdj\u0119\u0107 i relacji.<\/span><span style=\"font-weight: 400;\"><\/span><\/li>\n<li style=\"font-weight: 400;\" aria-level=\"1\"><b>Konkursy z nagrodami<\/b><span style=\"font-weight: 400;\"> \u2013 zadania fotograficzne, misje zespo\u0142owe i quizy, kt\u00f3re wci\u0105gaj\u0105 i integruj\u0105 grup\u0119.<\/span><span style=\"font-weight: 400;\"><\/span><\/li>\n<li style=\"font-weight: 400;\" aria-level=\"1\"><b>Gry miejskie i escape w plenerze<\/b><span style=\"font-weight: 400;\"> \u2013 elementy rywalizacji, wsp\u00f3\u0142pracy i storytellingu \u2013 wszystko zaprojektowane z my\u015bl\u0105 o m\u0142odszych i starszych nastolatkach.<\/span><span style=\"font-weight: 400;\"><\/span><\/li>\n<\/ul>\n<p><b>Edukacja bez nudy:<\/b><\/p>\n<ul>\n<li style=\"font-weight: 400;\" aria-level=\"1\"><span style=\"font-weight: 400;\">Przemycamy wiedz\u0119 przez zabaw\u0119, emocje i narracj\u0119 \u2013 o historii, ekologii, topografii czy lokalnych ciekawostkach.<\/span><span style=\"font-weight: 400;\"><\/span><\/li>\n<li style=\"font-weight: 400;\" aria-level=\"1\"><span style=\"font-weight: 400;\">Wprowadzamy m\u0142odzie\u017c w tematyk\u0119 \u015bwiadomego podr\u00f3\u017cowania, troski o dziedzictwo i \u015brodowisko.<\/span><span style=\"font-weight: 400;\"><\/span><\/li>\n<\/ul>\n<p><span style=\"font-weight: 400;\">Uczymy praktycznych umiej\u0119tno\u015bci \u2013 od orientacji w przestrzeni po dzia\u0142anie w grupie i analiz\u0119 sytuacyjn\u0105.<\/span><span style=\"font-weight: 400;\"><br \/><\/span><\/p>\n<p>[\/et_pb_accordion_item][et_pb_accordion_item title=&#8221;Oferta dla senior\u00f3w&#8221; _builder_version=&#8221;4.27.4&#8243; _module_preset=&#8221;default&#8221; hover_enabled=&#8221;0&#8243; global_colors_info=&#8221;{}&#8221; theme_builder_area=&#8221;post_content&#8221; open=&#8221;off&#8221; sticky_enabled=&#8221;0&#8243;]<\/p>\n<p><b>Z pasj\u0105, uwa\u017cno\u015bci\u0105 i szacunkiem \u2013 wycieczki, kt\u00f3re inspiruj\u0105 i \u0142\u0105cz\u0105 pokolenia.<\/b><\/p>\n<p><span style=\"font-weight: 400;\">Dojrza\u0142e \u017cycie to doskona\u0142y moment, by z ciekawo\u015bci\u0105 odkrywa\u0107 \u015bwiat \u2013 bez po\u015bpiechu, w dobrym towarzystwie i z przewodnikiem, kt\u00f3ry opowie nie tylko fakty, ale te\u017c historie z dusz\u0105. Nasze propozycje dla senior\u00f3w \u0142\u0105cz\u0105 komfort, kultur\u0119, natur\u0119 i serdeczn\u0105 atmosfer\u0119.<\/span><\/p>\n<p><b>Co przygotowali\u015bmy dla naszych Go\u015bci?<\/b><\/p>\n<ul>\n<li style=\"font-weight: 400;\" aria-level=\"1\"><b>Spacery historyczne i tematyczne<\/b><span style=\"font-weight: 400;\"> \u2013 trasy pe\u0142ne wspomnie\u0144 i odkry\u0107, prowadzone spokojnym tempem, z przystankami i miejscami do odpoczynku.<\/span><span style=\"font-weight: 400;\"><\/span><\/li>\n<li style=\"font-weight: 400;\" aria-level=\"1\"><b>Wycieczki przyrodnicze<\/b><span style=\"font-weight: 400;\"> \u2013 poznawanie park\u00f3w, ogrod\u00f3w, tras spacerowych nad wod\u0105 lub w lasach miejskich.<\/span><span style=\"font-weight: 400;\"><\/span><\/li>\n<li style=\"font-weight: 400;\" aria-level=\"1\"><b>Zwiedzanie z narracj\u0105<\/b><span style=\"font-weight: 400;\"> \u2013 nie tylko suche fakty, ale i opowie\u015bci o codziennym \u017cyciu dawnych mieszka\u0144c\u00f3w, legendach, osobisto\u015bciach, kt\u00f3re zapisa\u0142y si\u0119 w historii miasta.<\/span><span style=\"font-weight: 400;\"><\/span><\/li>\n<\/ul>\n<p><b>Wycieczki tworzone z my\u015bl\u0105 o komforcie:<\/b><\/p>\n<ul>\n<li style=\"font-weight: 400;\" aria-level=\"1\"><b>Trasy bez barier architektonicznych<\/b><span style=\"font-weight: 400;\"> \u2013 wybieramy miejsca dost\u0119pne, z wygodnymi trasami spacerowymi i \u0142awkami po drodze,<\/span><span style=\"font-weight: 400;\"><\/span><\/li>\n<li style=\"font-weight: 400;\" aria-level=\"1\"><b>Cz\u0119ste przerwy i elastyczne tempo<\/b><span style=\"font-weight: 400;\"> \u2013 bez po\u015bpiechu, z czasem na zdj\u0119cie, kaw\u0119 i rozmow\u0119.<\/span><span style=\"font-weight: 400;\"><\/span><\/li>\n<li style=\"font-weight: 400;\" aria-level=\"1\"><b>Mo\u017cliwo\u015b\u0107 organizacji transportu<\/b><span style=\"font-weight: 400;\"> z podjazdem blisko wej\u015bcia do obiekt\u00f3w.<\/span><span style=\"font-weight: 400;\"><\/span><\/li>\n<\/ul>\n<p><b>Edukacja i inspiracja:<\/b><\/p>\n<ul>\n<li style=\"font-weight: 400;\" aria-level=\"1\"><span style=\"font-weight: 400;\"><strong>Historia Szczecina i regionu<\/strong> podana w formie przyst\u0119pnej, pe\u0142nej anegdot, wspomnie\u0144 i zdj\u0119\u0107 archiwalnych.<\/span><span style=\"font-weight: 400;\"><\/span><\/li>\n<li style=\"font-weight: 400;\" aria-level=\"1\"><span style=\"font-weight: 400;\"><strong>Tematyka przyrodnicza<\/strong> \u2013 poznawanie lokalnych gatunk\u00f3w, zmieniaj\u0105cych si\u0119 krajobraz\u00f3w i roli natury w codziennym \u017cyciu.<\/span><span style=\"font-weight: 400;\"><\/span><\/li>\n<li style=\"font-weight: 400;\" aria-level=\"1\"><b>Warsztaty i spotkania towarzysz\u0105ce<\/b><span style=\"font-weight: 400;\"> \u2013 np. wspomnieniowe, r\u0119kodzielnicze lub tematyczne (kuchnia, kultura, tradycje).<\/span><span style=\"font-weight: 400;\"><\/span><\/li>\n<\/ul>\n<p><b>Dla klub\u00f3w seniora, KGW, UTW i grup zorganizowanych<\/b> o<b><span style=\"font-weight: 400;\">ferujemy kompleksow\u0105 obs\u0142ug\u0119 grup<\/span>:<\/b><\/p>\n<ul>\n<li style=\"font-weight: 400;\" aria-level=\"1\"><span style=\"font-weight: 400;\">programy tematyczne dopasowane do zainteresowa\u0144 i mo\u017cliwo\u015bci uczestnik\u00f3w,<\/span><span style=\"font-weight: 400;\"><\/span><\/li>\n<li style=\"font-weight: 400;\" aria-level=\"1\"><span style=\"font-weight: 400;\">przewodnik\u00f3w z do\u015bwiadczeniem w pracy z seniorami,<\/span><span style=\"font-weight: 400;\"><br \/><\/span><\/li>\n<li style=\"font-weight: 400;\" aria-level=\"1\"><span style=\"font-weight: 400;\">opcje obiadu, kawy, transportu, pakiet\u00f3w pami\u0105tkowych.<\/span><\/li>\n<\/ul>\n<p>&nbsp;<\/p>\n<p>[\/et_pb_accordion_item][et_pb_accordion_item title=&#8221;Przyk\u0142adowe wycieczki tematyczne:&#8221; _builder_version=&#8221;4.27.4&#8243; _module_preset=&#8221;default&#8221; theme_builder_area=&#8221;post_content&#8221; open=&#8221;on&#8221; hover_enabled=&#8221;0&#8243; sticky_enabled=&#8221;0&#8243;]<\/p>\n<p>&nbsp;<\/p>\n<p><strong>1. &#8222;Szczecin od Wody \u2013 Miasto na Fali&#8221;<\/strong><\/p>\n<p><i><span style=\"font-weight: 400;\">Rejs, mariny, historia \u017ceglugi i klimat portowego miasta.<\/span><\/i><\/p>\n<ul>\n<li style=\"font-weight: 400;\" aria-level=\"1\"><span style=\"font-weight: 400;\">Rejs po Odrze, kana\u0142ach i rozlewiskach z przewodnikiem.<\/span><span style=\"font-weight: 400;\">\n<p><\/span><\/li>\n<li style=\"font-weight: 400;\" aria-level=\"1\"><span style=\"font-weight: 400;\">Fabryka Wody lub Morskie Centrum Nauki.<\/span><span style=\"font-weight: 400;\">\n<p><\/span><\/li>\n<li style=\"font-weight: 400;\" aria-level=\"1\"><span style=\"font-weight: 400;\">Pomniki marynarzy, dawne nabrze\u017ca, \u015blady stoczni.<\/span><span style=\"font-weight: 400;\">\n<p><\/span><\/li>\n<li style=\"font-weight: 400;\" aria-level=\"1\"><span style=\"font-weight: 400;\">Spacer po \u0141asztowni i Bulwarach \u2013 nowe \u017cycie portowej dzielnicy.<\/span><span style=\"font-weight: 400;\">\n<p><\/span><\/li>\n<li style=\"font-weight: 400;\" aria-level=\"1\"><span style=\"font-weight: 400;\">Mo\u017cliwo\u015b\u0107 degustacji lokalnych ryb lub lunchu na barce.<\/span><span style=\"font-weight: 400;\">\n<p><\/span><\/li>\n<\/ul>\n<p><b>2. &#8222;Zielony Szczecin \u2013 w rytmie natury&#8221;<\/b><\/p>\n<p><i><span style=\"font-weight: 400;\">Ogrody, parki, jeziora i&#8230; dzika przyroda w mie\u015bcie!<\/span><\/i><\/p>\n<ul>\n<li style=\"font-weight: 400;\" aria-level=\"1\"><span style=\"font-weight: 400;\">Park Kasprowicza i Ogr\u00f3d R\u00f3\u017cany \u2013 opowie\u015b\u0107 o miejskiej zieleni.<\/span><span style=\"font-weight: 400;\">\n<p><\/span><\/li>\n<li style=\"font-weight: 400;\" aria-level=\"1\"><span style=\"font-weight: 400;\">Spacer nad Jeziorem G\u0142\u0119bokim lub Stawem Brodowskim.<\/span><span style=\"font-weight: 400;\">\n<p><\/span><\/li>\n<li style=\"font-weight: 400;\" aria-level=\"1\"><span style=\"font-weight: 400;\">Zaj\u0119cia przyrodnicze w lesie: rozpoznawanie ro\u015blin, tropienie \u015blad\u00f3w.<\/span><span style=\"font-weight: 400;\">\n<p><\/span><\/li>\n<li style=\"font-weight: 400;\" aria-level=\"1\"><span style=\"font-weight: 400;\">Wizyta w Ogrodzie Botanicznym lub Le\u015bnej P\u0119tli Przyg\u00f3d.<\/span><span style=\"font-weight: 400;\">\n<p><\/span><\/li>\n<li style=\"font-weight: 400;\" aria-level=\"1\"><span style=\"font-weight: 400;\">Mo\u017cliwo\u015b\u0107 pikniku, warsztat\u00f3w plenerowych lub ogniska.<\/span><span style=\"font-weight: 400;\">\n<p><\/span><\/li>\n<\/ul>\n<p><b>3. &#8222;Szczecin tajemniczy \u2013 \u015bladami duch\u00f3w i sekret\u00f3w&#8221;<\/b><\/p>\n<p><i><span style=\"font-weight: 400;\">Dla m\u0142odzie\u017cy i doros\u0142ych \u2013 mroczne opowie\u015bci i nieznane historie.<\/span><\/i><\/p>\n<ul>\n<li style=\"font-weight: 400;\" aria-level=\"1\"><span style=\"font-weight: 400;\">Zamek Ksi\u0105\u017c\u0105t Pomorskich \u2013 nie tylko ksi\u0105\u017c\u0119ta, ale i zjawy.<\/span><span style=\"font-weight: 400;\">\n<p><\/span><\/li>\n<li style=\"font-weight: 400;\" aria-level=\"1\"><span style=\"font-weight: 400;\">Tajne przej\u015bcia i podziemia (np. Podziemne Trasy Szczecina).<\/span><span style=\"font-weight: 400;\">\n<p><\/span><\/li>\n<li style=\"font-weight: 400;\" aria-level=\"1\"><span style=\"font-weight: 400;\">Opowie\u015bci o twierdzach, szpiegach i ukrytych skarbach.<\/span><span style=\"font-weight: 400;\">\n<p><\/span><\/li>\n<li style=\"font-weight: 400;\" aria-level=\"1\"><span style=\"font-weight: 400;\">Nocny spacer z przewodnikiem-latarnikiem lub postaci\u0105 z legendy.<\/span><span style=\"font-weight: 400;\">\n<p><\/span><\/li>\n<li style=\"font-weight: 400;\" aria-level=\"1\"><span style=\"font-weight: 400;\">Mo\u017cliwo\u015b\u0107 gry terenowej w klimacie escape roomu.<\/span><span style=\"font-weight: 400;\">\n<p><\/span><\/li>\n<\/ul>\n<p><b>4. &#8222;Szczecin dla odkrywc\u00f3w \u2013 edukacja w ruchu&#8221;<\/b><\/p>\n<p><i><span style=\"font-weight: 400;\">Idealna trasa szkolna: nauka przez zabaw\u0119, eksploracja i mapa w d\u0142oni.<\/span><\/i><\/p>\n<ul>\n<li style=\"font-weight: 400;\" aria-level=\"1\"><span style=\"font-weight: 400;\">Gra terenowa z map\u0105 \u2013 poszukiwanie punkt\u00f3w, zada\u0144 i nagr\u00f3d.<\/span><span style=\"font-weight: 400;\">\n<p><\/span><\/li>\n<li style=\"font-weight: 400;\" aria-level=\"1\"><span style=\"font-weight: 400;\">Nauka orientacji w terenie, pos\u0142ugiwania si\u0119 kompasem.<\/span><span style=\"font-weight: 400;\">\n<p><\/span><\/li>\n<li style=\"font-weight: 400;\" aria-level=\"1\"><span style=\"font-weight: 400;\">Tematyczne przystanki: Zamek, Wa\u0142y Chrobrego, Filharmonia.<\/span><span style=\"font-weight: 400;\">\n<p><\/span><\/li>\n<li style=\"font-weight: 400;\" aria-level=\"1\"><span style=\"font-weight: 400;\">Warsztaty plenerowe lub zaj\u0119cia w Centrum Nauki.<\/span><span style=\"font-weight: 400;\">\n<p><\/span><\/li>\n<li style=\"font-weight: 400;\" aria-level=\"1\"><span style=\"font-weight: 400;\">Mo\u017cliwo\u015b\u0107 zako\u0144czenia w parku z aktywno\u015bciami rekreacyjnymi.<\/span><span style=\"font-weight: 400;\">\n<p><\/span><\/li>\n<\/ul>\n<p><b>5. &#8222;Miasto wspomnie\u0144 \u2013 Szczecin dla senior\u00f3w&#8221;<\/b><\/p>\n<p><i><span style=\"font-weight: 400;\">Nostalgia, historia i pi\u0119kno z uwa\u017cno\u015bci\u0105 i spokojem.<\/span><\/i><\/p>\n<ul>\n<li style=\"font-weight: 400;\" aria-level=\"1\"><span style=\"font-weight: 400;\">Trasa z przystankami wspomnie\u0144: dawny dworzec, kino Kosmos, Czerwony Ratusz.<\/span><span style=\"font-weight: 400;\">\n<p><\/span><\/li>\n<li style=\"font-weight: 400;\" aria-level=\"1\"><span style=\"font-weight: 400;\">Rejs z herbat\u0105 i przewodnikiem opowiadaj\u0105cym o dawnym Szczecinie.<\/span><span style=\"font-weight: 400;\">\n<p><\/span><\/li>\n<li style=\"font-weight: 400;\" aria-level=\"1\"><span style=\"font-weight: 400;\">Spacer po Alei Fontann, Parku \u017beromskiego i Jasnych B\u0142oniach.<\/span><span style=\"font-weight: 400;\">\n<p><\/span><\/li>\n<li style=\"font-weight: 400;\" aria-level=\"1\"><span style=\"font-weight: 400;\">Przerwa na kaw\u0119 i rozmow\u0119 w stylowej kawiarni.<\/span><span style=\"font-weight: 400;\">\n<p><\/span><\/li>\n<li style=\"font-weight: 400;\" aria-level=\"1\"><span style=\"font-weight: 400;\">Mo\u017cliwo\u015b\u0107 zwiedzania Muzeum Techniki lub Archiwum Pa\u0144stwowego.<\/span><span style=\"font-weight: 400;\">\n<p><\/span><\/li>\n<\/ul>\n<p><b>6. &#8222;Szczecin z klas\u0105 \u2013 wycieczka reprezentacyjna&#8221;<\/b><\/p>\n<p><i><span style=\"font-weight: 400;\">Dla firm, go\u015bci VIP i kontrahent\u00f3w \u2013 elegancko i z presti\u017cem.<\/span><\/i><\/p>\n<ul>\n<li style=\"font-weight: 400;\" aria-level=\"1\"><span style=\"font-weight: 400;\">Ekskluzywna trasa zwiedzania z prywatnym przewodnikiem.<\/span><span style=\"font-weight: 400;\">\n<p><\/span><\/li>\n<li style=\"font-weight: 400;\" aria-level=\"1\"><span style=\"font-weight: 400;\">Rejs z degustacj\u0105 wina lub lokalnych alkoholi.<\/span><span style=\"font-weight: 400;\">\n<p><\/span><\/li>\n<li style=\"font-weight: 400;\" aria-level=\"1\"><span style=\"font-weight: 400;\">Kolacja w wybranej rezydencji lub restauracji z widokiem na Odr\u0119.<\/span><span style=\"font-weight: 400;\">\n<p><\/span><\/li>\n<li style=\"font-weight: 400;\" aria-level=\"1\"><span style=\"font-weight: 400;\">Opcjonalnie: zwiedzanie Galerii Wsp\u00f3\u0142czesnej Sztuki, Fortu lub prywatnej kolekcji.<\/span><span style=\"font-weight: 400;\">\n<p><\/span><\/li>\n<\/ul>\n<p><span style=\"font-weight: 400;\">Mo\u017cliwo\u015b\u0107 noclegu w pa\u0142acu lub willi w okolicach Szczecina.<\/span><span style=\"font-weight: 400;\"><br \/><\/span><\/p>\n<p>[\/et_pb_accordion_item][\/et_pb_accordion][\/et_pb_column][\/et_pb_row][et_pb_row custom_padding_last_edited=&#8221;on|phone&#8221; _builder_version=&#8221;4.27.4&#8243; _module_preset=&#8221;default&#8221; position_origin_a=&#8221;bottom_center&#8221; position_origin_r=&#8221;bottom_left&#8221; horizontal_offset=&#8221;6%&#8221; max_width=&#8221;2560px&#8221; custom_padding=&#8221;||5%||false|false&#8221; custom_padding_tablet=&#8221;&#8221; custom_padding_phone=&#8221;&#8221; global_colors_info=&#8221;{}&#8221;][et_pb_column type=&#8221;4_4&#8243; _builder_version=&#8221;4.27.4&#8243; _module_preset=&#8221;default&#8221; global_colors_info=&#8221;{}&#8221;][et_pb_image src=&#8221;https:\/\/tuptamtu.wieszjak.org\/wp-content\/uploads\/2025\/01\/impreza-okolicznosciowa-1.png&#8221; title_text=&#8221;impreza okoliczno\u015bciowa (1)&#8221; align=&#8221;right&#8221; _builder_version=&#8221;4.27.4&#8243; _module_preset=&#8221;default&#8221; positioning=&#8221;absolute&#8221; position_origin_a=&#8221;bottom_right&#8221; position_origin_f=&#8221;bottom_right&#8221; position_origin_r=&#8221;bottom_right&#8221; horizontal_offset=&#8221;-3%&#8221; z_index=&#8221;101&#8243; position_origin_a_tablet=&#8221;center_right&#8221; position_origin_a_phone=&#8221;center_right&#8221; position_origin_a_last_edited=&#8221;on|phone&#8221; position_origin_f_tablet=&#8221;&#8221; position_origin_f_phone=&#8221;&#8221; position_origin_f_last_edited=&#8221;on|phone&#8221; position_origin_r_tablet=&#8221;&#8221; position_origin_r_phone=&#8221;&#8221; position_origin_r_last_edited=&#8221;on|phone&#8221; width=&#8221;18%&#8221; width_tablet=&#8221;26%&#8221; width_phone=&#8221;48%&#8221; width_last_edited=&#8221;on|phone&#8221; motion_trigger_start=&#8221;top&#8221; positioning_tablet=&#8221;&#8221; positioning_phone=&#8221;&#8221; positioning_last_edited=&#8221;on|desktop&#8221; global_colors_info=&#8221;{}&#8221;][\/et_pb_image][\/et_pb_column][\/et_pb_row][\/et_pb_section][et_pb_section fb_built=&#8221;1&#8243; admin_label=&#8221;Footer&#8221; _builder_version=&#8221;4.27.4&#8243; _module_preset=&#8221;default&#8221; background_color=&#8221;#76e0d3&#8243; background_image=&#8221;https:\/\/tuptamtu.wieszjak.org\/wp-content\/uploads\/2024\/12\/Projekt-bez-nazwy-5.png&#8221; background_size=&#8221;custom&#8221; background_image_width=&#8221;100%&#8221; background_position=&#8221;bottom_center&#8221; min_height=&#8221;364px&#8221; custom_margin=&#8221;5%||||false|false&#8221; custom_padding=&#8221;0px||0px|||&#8221; top_divider_style=&#8221;asymmetric3&#8243; top_divider_color=&#8221;rgba(149,47,222,0.13)&#8221; top_divider_height=&#8221;6%&#8221; scroll_blur=&#8221;0|30|60|100|10|0|0&#8243; motion_trigger_start=&#8221;bottom&#8221; global_module=&#8221;564&#8243; collapsed=&#8221;off&#8221; global_colors_info=&#8221;{}&#8221;][et_pb_row column_structure=&#8221;1_3,1_3,1_3&#8243; make_equal=&#8221;on&#8221; _builder_version=&#8221;4.27.4&#8243; _module_preset=&#8221;default&#8221; positioning=&#8221;none&#8221; position_origin_a=&#8221;center_center&#8221; position_origin_r=&#8221;bottom_right&#8221; width=&#8221;70%&#8221; width_tablet=&#8221;50%&#8221; width_phone=&#8221;90%&#8221; width_last_edited=&#8221;on|phone&#8221; max_width=&#8221;2000px&#8221; global_colors_info=&#8221;{}&#8221;][et_pb_column type=&#8221;1_3&#8243; _builder_version=&#8221;4.27.4&#8243; _module_preset=&#8221;50607da8-57bc-4d4b-aaef-f02e41c2cc4a&#8221; background_color=&#8221;rgba(255,255,255,0.6)&#8221; custom_padding=&#8221;10px|10px|10px|10px|true|true&#8221; custom_padding_tablet=&#8221;10px|10px|10px|10px|true|true&#8221; custom_padding_phone=&#8221;10px|10px|10px|10px|true|true&#8221; custom_padding_last_edited=&#8221;on|phone&#8221; border_radii=&#8221;on|6px|6px|6px|6px&#8221; box_shadow_style=&#8221;preset1&#8243; box_shadow_vertical=&#8221;24px&#8221; box_shadow_blur=&#8221;72px&#8221; box_shadow_spread=&#8221;-12px&#8221; box_shadow_color=&#8221;rgba(0,0,0,0.12)&#8221; global_colors_info=&#8221;{}&#8221;][et_pb_text _builder_version=&#8221;4.27.4&#8243; _module_preset=&#8221;default&#8221; text_font=&#8221;Mountains of Christmas||||||||&#8221; text_text_color=&#8221;#952fde&#8221; text_font_size=&#8221;1.2em&#8221; custom_margin=&#8221;||-1px|||&#8221; global_colors_info=&#8221;{}&#8221;]<\/p>\n<p style=\"text-align: center;\"><strong>Stowarzyszenie Wieszjak\u00a0<\/strong><\/p>\n<p>[\/et_pb_text][dsm_icon_list icon_color=&#8221;#952fde&#8221; list_alignment=&#8221;center&#8221; text_indent=&#8221;3%&#8221; _builder_version=&#8221;4.27.4&#8243; _module_preset=&#8221;default&#8221; text_font=&#8221;Lato||||||||&#8221; text_text_color=&#8221;#000000&#8243; text_font_size=&#8221;1em&#8221; text_line_height=&#8221;1.6em&#8221; custom_margin=&#8221;||||false|false&#8221; custom_padding=&#8221;1%||||false|false&#8221; global_colors_info=&#8221;{}&#8221;][dsm_icon_list_child text=&#8221;ul. Pi\u0142sudzkiego 17\/3c, Szczecin&#8221; font_icon=&#8221;&#xe01d;||divi||400&#8243; _builder_version=&#8221;4.27.4&#8243; _module_preset=&#8221;default&#8221; global_colors_info=&#8221;{}&#8221;][\/dsm_icon_list_child][dsm_icon_list_child text=&#8221;biuro@wieszjak.org&#8221; font_icon=&#8221;&#xe010;||divi||400&#8243; _builder_version=&#8221;4.27.4&#8243; _module_preset=&#8221;default&#8221; global_colors_info=&#8221;{}&#8221;][\/dsm_icon_list_child][dsm_icon_list_child text=&#8221;601 666 262&#8243; font_icon=&#8221;&#xe00b;||divi||400&#8243; _builder_version=&#8221;4.27.4&#8243; _module_preset=&#8221;default&#8221; global_colors_info=&#8221;{}&#8221;][\/dsm_icon_list_child][\/dsm_icon_list][\/et_pb_column][et_pb_column type=&#8221;1_3&#8243; _builder_version=&#8221;4.27.4&#8243; _module_preset=&#8221;50607da8-57bc-4d4b-aaef-f02e41c2cc4a&#8221; background_color=&#8221;rgba(255,255,255,0.6)&#8221; custom_padding=&#8221;10px|10px|10px|10px|true|true&#8221; custom_padding_tablet=&#8221;10px|10px|10px|10px|true|true&#8221; custom_padding_phone=&#8221;10px|10px|10px|10px|true|true&#8221; custom_padding_last_edited=&#8221;on|phone&#8221; border_radii=&#8221;on|6px|6px|6px|6px&#8221; box_shadow_style=&#8221;preset1&#8243; box_shadow_vertical=&#8221;24px&#8221; box_shadow_blur=&#8221;72px&#8221; box_shadow_spread=&#8221;-12px&#8221; box_shadow_color=&#8221;rgba(0,0,0,0.12)&#8221; global_colors_info=&#8221;{}&#8221;][et_pb_text _builder_version=&#8221;4.27.4&#8243; _module_preset=&#8221;default&#8221; text_font=&#8221;Mountains of Christmas||||||||&#8221; text_text_color=&#8221;#952fde&#8221; text_font_size=&#8221;1.2em&#8221; custom_margin=&#8221;||-1px|||&#8221; global_colors_info=&#8221;{}&#8221;]<\/p>\n<p style=\"text-align: center;\"><strong>Jeste\u015bmy zarejestrowani:<\/strong><\/p>\n<p>[\/et_pb_text][et_pb_text _builder_version=&#8221;4.27.4&#8243; _module_preset=&#8221;default&#8221; text_font=&#8221;Lato||||||||&#8221; text_text_color=&#8221;#000000&#8243; text_font_size=&#8221;0.9em&#8221; text_line_height=&#8221;0.6em&#8221; position_origin_a=&#8221;bottom_left&#8221; position_origin_f=&#8221;bottom_left&#8221; position_origin_r=&#8221;bottom_left&#8221; vertical_offset=&#8221;-25%&#8221; width=&#8221;100%&#8221; custom_padding=&#8221;4%||||false|false&#8221; global_colors_info=&#8221;{}&#8221;]<\/p>\n<p style=\"text-align: center;\"><span><span style=\"color: #952fde;\">NIP\u00a0 <\/span>8513261922<\/span><\/p>\n<p style=\"text-align: center;\"><span><span style=\"color: #952fde;\">REGON\u00a0 <\/span>389418206<\/span><\/p>\n<p style=\"text-align: center;\"><span><span style=\"color: #952fde;\">KRS\u00a0 <\/span>0000911081<\/span><\/p>\n<p>[\/et_pb_text][\/et_pb_column][et_pb_column type=&#8221;1_3&#8243; _builder_version=&#8221;4.27.4&#8243; _module_preset=&#8221;50607da8-57bc-4d4b-aaef-f02e41c2cc4a&#8221; background_color=&#8221;rgba(255,255,255,0.6)&#8221; custom_padding=&#8221;10px|10px|10px|10px|true|true&#8221; custom_padding_tablet=&#8221;10px|10px|10px|10px|true|true&#8221; custom_padding_phone=&#8221;10px|10px|10px|10px|true|true&#8221; custom_padding_last_edited=&#8221;on|phone&#8221; border_radii=&#8221;on|6px|6px|6px|6px&#8221; box_shadow_style=&#8221;preset1&#8243; box_shadow_vertical=&#8221;24px&#8221; box_shadow_blur=&#8221;72px&#8221; box_shadow_spread=&#8221;-12px&#8221; box_shadow_color=&#8221;rgba(0,0,0,0.12)&#8221; global_colors_info=&#8221;{}&#8221;][et_pb_text _builder_version=&#8221;4.27.4&#8243; _module_preset=&#8221;default&#8221; text_font=&#8221;Mountains of Christmas||||||||&#8221; text_text_color=&#8221;#952fde&#8221; text_font_size=&#8221;1.2em&#8221; custom_margin=&#8221;||-1px|||&#8221; global_colors_info=&#8221;{}&#8221;]<\/p>\n<p style=\"text-align: center;\"><strong>Nasze socjalmedia:<\/strong><\/p>\n<p>[\/et_pb_text][et_pb_social_media_follow use_icon_font_size=&#8221;on&#8221; icon_font_size=&#8221;1em&#8221; _builder_version=&#8221;4.27.4&#8243; _module_preset=&#8221;default&#8221; text_orientation=&#8221;center&#8221; custom_padding=&#8221;7%||||false|false&#8221; global_colors_info=&#8221;{}&#8221;][et_pb_social_media_follow_network social_network=&#8221;facebook&#8221; _builder_version=&#8221;4.27.4&#8243; _module_preset=&#8221;default&#8221; background_color=&#8221;#952fde&#8221; background_enable_color=&#8221;on&#8221; global_colors_info=&#8221;{}&#8221; follow_button=&#8221;off&#8221; url_new_window=&#8221;on&#8221;]facebook[\/et_pb_social_media_follow_network][et_pb_social_media_follow_network social_network=&#8221;twitter&#8221; _builder_version=&#8221;4.27.4&#8243; _module_preset=&#8221;default&#8221; background_color=&#8221;#952fde&#8221; background_enable_color=&#8221;on&#8221; global_colors_info=&#8221;{}&#8221; follow_button=&#8221;off&#8221; url_new_window=&#8221;on&#8221;]X[\/et_pb_social_media_follow_network][et_pb_social_media_follow_network social_network=&#8221;youtube&#8221; _builder_version=&#8221;4.27.4&#8243; _module_preset=&#8221;default&#8221; background_color=&#8221;#952fde&#8221; background_enable_color=&#8221;on&#8221; global_colors_info=&#8221;{}&#8221; follow_button=&#8221;off&#8221; url_new_window=&#8221;on&#8221;]youtube[\/et_pb_social_media_follow_network][\/et_pb_social_media_follow][\/et_pb_column][\/et_pb_row][et_pb_row column_structure=&#8221;1_3,1_3,1_3&#8243; make_equal=&#8221;on&#8221; _builder_version=&#8221;4.27.4&#8243; _module_preset=&#8221;default&#8221; positioning=&#8221;none&#8221; position_origin_a=&#8221;center_center&#8221; position_origin_r=&#8221;bottom_right&#8221; width=&#8221;70%&#8221; width_tablet=&#8221;50%&#8221; width_phone=&#8221;90%&#8221; width_last_edited=&#8221;on|phone&#8221; max_width=&#8221;2000px&#8221; custom_padding=&#8221;1px||8px|||&#8221; global_colors_info=&#8221;{}&#8221;][et_pb_column type=&#8221;1_3&#8243; _builder_version=&#8221;4.27.4&#8243; _module_preset=&#8221;50607da8-57bc-4d4b-aaef-f02e41c2cc4a&#8221; background_color=&#8221;RGBA(255,255,255,0)&#8221; custom_padding=&#8221;10px|10px|10px|10px|true|true&#8221; custom_padding_tablet=&#8221;10px|10px|10px|10px|true|true&#8221; custom_padding_phone=&#8221;10px|10px|10px|10px|true|true&#8221; custom_padding_last_edited=&#8221;on|phone&#8221; border_radii=&#8221;on|6px|6px|6px|6px&#8221; global_colors_info=&#8221;{}&#8221;][\/et_pb_column][et_pb_column type=&#8221;1_3&#8243; _builder_version=&#8221;4.27.4&#8243; _module_preset=&#8221;50607da8-57bc-4d4b-aaef-f02e41c2cc4a&#8221; background_color=&#8221;rgba(255,255,255,0.6)&#8221; custom_padding=&#8221;10px|10px|10px|10px|true|true&#8221; custom_padding_tablet=&#8221;10px|10px|10px|10px|true|true&#8221; custom_padding_phone=&#8221;10px|10px|10px|10px|true|true&#8221; custom_padding_last_edited=&#8221;on|phone&#8221; border_radii=&#8221;on|6px|6px|6px|6px&#8221; box_shadow_style=&#8221;preset1&#8243; box_shadow_vertical=&#8221;24px&#8221; box_shadow_blur=&#8221;72px&#8221; box_shadow_spread=&#8221;-12px&#8221; box_shadow_color=&#8221;rgba(0,0,0,0.12)&#8221; global_colors_info=&#8221;{}&#8221;][et_pb_image src=&#8221;https:\/\/tuptamtu.wieszjak.org\/wp-content\/uploads\/2025\/03\/Logo-wspolfinansowane-ze-srodkow-Unii-Europejskiej-1.jpg&#8221; title_text=&#8221;Logo &#8211; wsp\u00f3\u0142finansowane ze \u015brodk\u00f3w Unii Europejskiej (1)&#8221; align=&#8221;center&#8221; _builder_version=&#8221;4.27.4&#8243; _module_preset=&#8221;default&#8221; position_origin_a=&#8221;top_center&#8221; position_origin_r=&#8221;bottom_left&#8221; width=&#8221;100%&#8221; module_alignment=&#8221;center&#8221; global_colors_info=&#8221;{}&#8221;][\/et_pb_image][\/et_pb_column][et_pb_column type=&#8221;1_3&#8243; _builder_version=&#8221;4.27.4&#8243; _module_preset=&#8221;50607da8-57bc-4d4b-aaef-f02e41c2cc4a&#8221; background_color=&#8221;RGBA(255,255,255,0)&#8221; custom_padding=&#8221;10px|10px|10px|10px|true|true&#8221; custom_padding_tablet=&#8221;10px|10px|10px|10px|true|true&#8221; custom_padding_phone=&#8221;10px|10px|10px|10px|true|true&#8221; custom_padding_last_edited=&#8221;on|phone&#8221; border_radii=&#8221;on|6px|6px|6px|6px&#8221; global_colors_info=&#8221;{}&#8221;][\/et_pb_column][\/et_pb_row][\/et_pb_section]<\/p>\n","protected":false},"excerpt":{"rendered":"<p>Szczecin to miasto pe\u0142ne opowie\u015bci \u2013 wodnych szlak\u00f3w, zielonych przestrzeni, zabytk\u00f3w i tajemnic czekaj\u0105cych na odkrycie. Tworzymy wycieczki z dusz\u0105, zaprojektowane z my\u015bl\u0105 o r\u00f3\u017cnych grupach \u2013 od najm\u0142odszych po najstarszych. Nasza specjalno\u015b\u0107 to organizacja wycieczek grupowych dla: szk\u00f3\u0142 i przedszkoli, klub\u00f3w seniora i uniwersytet\u00f3w trzeciego wieku, stowarzysze\u0144, \u015bwietlic, k\u00f3\u0142 zainteresowa\u0144, firm oraz klient\u00f3w indywidualnych, firm i wydarze\u0144 integracyjnych. Rozumiemy potrzeby naszych uczestnik\u00f3w i dlatego ka\u017cda wycieczka to nie tylko spacer \u2013 to przygoda dopasowana do odbiorcy. Warto te\u017c wspomnie\u0107 o naszej specjalnej inspirowanej wod\u0105 trasie, kt\u00f3ra pokazuje Szczecin od strony, kt\u00f3rej wielu nie zna. Od Odry, przez bulwary i mariny, a\u017c po jeziora i \u015blady dawnych stoczni \u2013 to wycieczka, kt\u00f3r\u0105 zapami\u0119tacie na d\u0142ugo. &#x1f4de; Skontaktuj si\u0119 z nami \u2013 stworzymy program dopasowany do Twojej grupy. Bo najlepsza wycieczka to ta, w kt\u00f3rej ka\u017cdy czuje si\u0119 jak bohater w\u0142asnej opowie\u015bci. Szukasz pomys\u0142u na nietuzinkow\u0105 integracj\u0119 dla zespo\u0142u? Chcesz, by pracownicy poczuli si\u0119 docenieni, a jednocze\u015bnie zyskali now\u0105 energi\u0119 i lepsze relacje? Oferujemy pe\u0142en wachlarz wycieczek i wydarze\u0144 firmowych, kt\u00f3re \u0142\u0105cz\u0105 przygod\u0119 z odpoczynkiem \u2013 zawsze z przymru\u017ceniem oka i klas\u0105: &#8222;Szczecin od Wody&#8221; \u2013 rejsy, zwiedzanie nabrze\u017cy, historia portu, odwiedziny w Fabryce Wody i w Morskim Centrum Nauki. Le\u015bne [&hellip;]<\/p>\n","protected":false},"author":1,"featured_media":0,"parent":0,"menu_order":0,"comment_status":"closed","ping_status":"closed","template":"","meta":{"_et_pb_use_builder":"on","_et_pb_old_content":"","_et_gb_content_width":"","footnotes":""},"class_list":["post-237","page","type-page","status-publish","hentry"],"_links":{"self":[{"href":"https:\/\/tuptamtu.wieszjak.org\/index.php\/wp-json\/wp\/v2\/pages\/237","targetHints":{"allow":["GET"]}}],"collection":[{"href":"https:\/\/tuptamtu.wieszjak.org\/index.php\/wp-json\/wp\/v2\/pages"}],"about":[{"href":"https:\/\/tuptamtu.wieszjak.org\/index.php\/wp-json\/wp\/v2\/types\/page"}],"author":[{"embeddable":true,"href":"https:\/\/tuptamtu.wieszjak.org\/index.php\/wp-json\/wp\/v2\/users\/1"}],"replies":[{"embeddable":true,"href":"https:\/\/tuptamtu.wieszjak.org\/index.php\/wp-json\/wp\/v2\/comments?post=237"}],"version-history":[{"count":13,"href":"https:\/\/tuptamtu.wieszjak.org\/index.php\/wp-json\/wp\/v2\/pages\/237\/revisions"}],"predecessor-version":[{"id":1130,"href":"https:\/\/tuptamtu.wieszjak.org\/index.php\/wp-json\/wp\/v2\/pages\/237\/revisions\/1130"}],"wp:attachment":[{"href":"https:\/\/tuptamtu.wieszjak.org\/index.php\/wp-json\/wp\/v2\/media?parent=237"}],"curies":[{"name":"wp","href":"https:\/\/api.w.org\/{rel}","templated":true}]}}